{"id":672,"date":"2026-09-01T15:43:55","date_gmt":"2026-09-01T13:43:55","guid":{"rendered":"https:\/\/nemo.hu\/blackvelvet\/?page_id=672"},"modified":"2026-09-01T15:57:07","modified_gmt":"2026-09-01T13:57:07","slug":"vendegkonyv","status":"publish","type":"page","link":"https:\/\/nemo.hu\/blackvelvet\/vendegkonyv\/","title":{"rendered":"Vend\u00e9gk\u00f6nyv"},"content":{"rendered":"\t\t<div data-elementor-type=\"wp-page\" data-elementor-id=\"672\" class=\"elementor elementor-672\" data-elementor-post-type=\"page\">\n\t\t\t\t<div class=\"elementor-element elementor-element-966ae26 e-con e-atomic-element e-flexbox-base e-b248c62 \" data-id=\"966ae26\" data-element_type=\"e-flexbox\" data-e-type=\"e-flexbox\" data-interaction-id=\"966ae26\">\n    \t\t<div class=\"elementor-element elementor-element-411764f elementor-widget elementor-widget-heading\" data-id=\"411764f\" data-element_type=\"widget\" data-e-type=\"widget\" data-widget_type=\"heading.default\">\n\t\t\t\t\t<h2 class=\"elementor-heading-title elementor-size-default\">R\u00d3LUNK MONDT\u00c1K<\/h2>\t\t\t\t<\/div>\n\t\t\t\t<div class=\"elementor-element elementor-element-28fe868 elementor-widget elementor-widget-heading\" data-id=\"28fe868\" data-element_type=\"widget\" data-e-type=\"widget\" data-widget_type=\"heading.default\">\n\t\t\t\t\t<h2 class=\"elementor-heading-title elementor-size-default\">Akik m\u00e1r vel\u00fcnk buliztak<\/h2>\t\t\t\t<\/div>\n\t\t<div class=\"elementor-element elementor-element-061f702 e-con e-atomic-element e-flexbox-base e-63f8bcb \" data-id=\"061f702\" data-element_type=\"e-flexbox\" data-e-type=\"e-flexbox\" data-interaction-id=\"061f702\">\n    \t\t<div class=\"elementor-element elementor-element-df7b5e8 elementor-grid-3 elementor-grid-tablet-2 elementor-grid-mobile-1 elementor-posts--thumbnail-top elementor-widget elementor-widget-posts\" data-id=\"df7b5e8\" data-element_type=\"widget\" data-e-type=\"widget\" data-settings=\"{&quot;pagination_type&quot;:&quot;prev_next&quot;,&quot;classic_columns&quot;:&quot;3&quot;,&quot;classic_columns_tablet&quot;:&quot;2&quot;,&quot;classic_columns_mobile&quot;:&quot;1&quot;,&quot;classic_row_gap&quot;:{&quot;unit&quot;:&quot;px&quot;,&quot;size&quot;:35,&quot;sizes&quot;:[]},&quot;classic_row_gap_tablet&quot;:{&quot;unit&quot;:&quot;px&quot;,&quot;size&quot;:&quot;&quot;,&quot;sizes&quot;:[]},&quot;classic_row_gap_mobile&quot;:{&quot;unit&quot;:&quot;px&quot;,&quot;size&quot;:&quot;&quot;,&quot;sizes&quot;:[]}}\" data-widget_type=\"posts.classic\">\n\t\t\t\t<div class=\"elementor-widget-container\">\n\t\t\t\t\t\t\t<div class=\"elementor-posts-container elementor-posts elementor-posts--skin-classic elementor-grid\" role=\"list\">\n\t\t\t\t<article class=\"elementor-post elementor-grid-item post-605 post type-post status-publish format-standard has-post-thumbnail hentry category-rolunk-irtak\" role=\"listitem\">\n\t\t\t\t<a class=\"elementor-post__thumbnail__link\" href=\"https:\/\/nemo.hu\/blackvelvet\/zsanett-es-tamas\/\" tabindex=\"-1\" >\n\t\t\t<div class=\"elementor-post__thumbnail\"><img fetchpriority=\"high\" decoding=\"async\" width=\"300\" height=\"200\" src=\"https:\/\/nemo.hu\/blackvelvet\/wp-content\/uploads\/2026\/08\/Zsanett-Tamas-300x200.jpg\" class=\"attachment-medium size-medium wp-image-606\" alt=\"Zsanett \u00e9s Tam\u00e1s\" srcset=\"https:\/\/nemo.hu\/blackvelvet\/wp-content\/uploads\/2026\/08\/Zsanett-Tamas-300x200.jpg 300w, https:\/\/nemo.hu\/blackvelvet\/wp-content\/uploads\/2026\/08\/Zsanett-Tamas-1024x684.jpg 1024w, https:\/\/nemo.hu\/blackvelvet\/wp-content\/uploads\/2026\/08\/Zsanett-Tamas-768x513.jpg 768w, https:\/\/nemo.hu\/blackvelvet\/wp-content\/uploads\/2026\/08\/Zsanett-Tamas-1536x1025.jpg 1536w, https:\/\/nemo.hu\/blackvelvet\/wp-content\/uploads\/2026\/08\/Zsanett-Tamas-2048x1367.jpg 2048w\" sizes=\"(max-width: 300px) 100vw, 300px\" \/><\/div>\n\t\t<\/a>\n\t\t\t\t<div class=\"elementor-post__text\">\n\t\t\t\t<h3 class=\"elementor-post__title\">\n\t\t\t<a href=\"https:\/\/nemo.hu\/blackvelvet\/zsanett-es-tamas\/\" >\n\t\t\t\tZsanett \u00e9s Tam\u00e1s\t\t\t<\/a>\n\t\t<\/h3>\n\t\t\t\t<div class=\"elementor-post__excerpt\">\n\t\t\t<p>Kedves Black Velvet Zenekar! Az interneten tal\u00e1lhat\u00f3 vide\u00f3k b\u00f6ng\u00e9sz\u00e9se sor\u00e1n figyelt\u00fcnk fel Zsoltra \u00e9s csapat\u00e1ra. Azonnal megfogott a vide\u00f3juk, hiszen<\/p>\n\t\t<\/div>\n\t\t\n\t\t<a class=\"elementor-post__read-more\" href=\"https:\/\/nemo.hu\/blackvelvet\/zsanett-es-tamas\/\" aria-label=\"Read more about Zsanett \u00e9s Tam\u00e1s\" tabindex=\"-1\" >\n\t\t\tB\u0151vebben \u00bb\t\t<\/a>\n\n\t\t\t\t<\/div>\n\t\t\t\t<\/article>\n\t\t\t\t<article class=\"elementor-post elementor-grid-item post-602 post type-post status-publish format-standard has-post-thumbnail hentry category-rolunk-irtak\" role=\"listitem\">\n\t\t\t\t<a class=\"elementor-post__thumbnail__link\" href=\"https:\/\/nemo.hu\/blackvelvet\/reka-es-bela\/\" tabindex=\"-1\" >\n\t\t\t<div class=\"elementor-post__thumbnail\"><img decoding=\"async\" width=\"200\" height=\"300\" src=\"https:\/\/nemo.hu\/blackvelvet\/wp-content\/uploads\/2026\/08\/Reka-es-Bela-200x300.jpg\" class=\"attachment-medium size-medium wp-image-603\" alt=\"R\u00e9ka \u00e9s B\u00e9la\" srcset=\"https:\/\/nemo.hu\/blackvelvet\/wp-content\/uploads\/2026\/08\/Reka-es-Bela-200x300.jpg 200w, https:\/\/nemo.hu\/blackvelvet\/wp-content\/uploads\/2026\/08\/Reka-es-Bela-683x1024.jpg 683w, https:\/\/nemo.hu\/blackvelvet\/wp-content\/uploads\/2026\/08\/Reka-es-Bela-768x1152.jpg 768w, https:\/\/nemo.hu\/blackvelvet\/wp-content\/uploads\/2026\/08\/Reka-es-Bela.jpg 848w\" sizes=\"(max-width: 200px) 100vw, 200px\" \/><\/div>\n\t\t<\/a>\n\t\t\t\t<div class=\"elementor-post__text\">\n\t\t\t\t<h3 class=\"elementor-post__title\">\n\t\t\t<a href=\"https:\/\/nemo.hu\/blackvelvet\/reka-es-bela\/\" >\n\t\t\t\tR\u00e9ka \u00e9s B\u00e9la\t\t\t<\/a>\n\t\t<\/h3>\n\t\t\t\t<div class=\"elementor-post__excerpt\">\n\t\t\t<p>Kedves Black Velvet Zenekar! Szeretn\u00e9nk megk\u00f6sz\u00f6nni neked \u00e9s az eg\u00e9sz&nbsp;zenekarnak az esk\u00fcv\u0151nk\u00f6n val\u00f3 k\u00f6zrem\u0171k\u00f6d\u00e9st! Fergeteges hangulatot var\u00e1zsoltatok nek\u00fcnk az est\u00e9re,<\/p>\n\t\t<\/div>\n\t\t\n\t\t<a class=\"elementor-post__read-more\" href=\"https:\/\/nemo.hu\/blackvelvet\/reka-es-bela\/\" aria-label=\"Read more about R\u00e9ka \u00e9s B\u00e9la\" tabindex=\"-1\" >\n\t\t\tB\u0151vebben \u00bb\t\t<\/a>\n\n\t\t\t\t<\/div>\n\t\t\t\t<\/article>\n\t\t\t\t<article class=\"elementor-post elementor-grid-item post-599 post type-post status-publish format-standard has-post-thumbnail hentry category-rolunk-irtak\" role=\"listitem\">\n\t\t\t\t<a class=\"elementor-post__thumbnail__link\" href=\"https:\/\/nemo.hu\/blackvelvet\/eskudni-mernek-eskuvoszervezes\/\" tabindex=\"-1\" >\n\t\t\t<div class=\"elementor-post__thumbnail\"><img decoding=\"async\" width=\"300\" height=\"200\" src=\"https:\/\/nemo.hu\/blackvelvet\/wp-content\/uploads\/2026\/08\/Sido-Diana-eskuvoszervezo-300x200.jpg\" class=\"attachment-medium size-medium wp-image-600\" alt=\"esk\u00fcv\u0151szervez\u00e9s -Sid\u00f3 Di\u00e1na\" srcset=\"https:\/\/nemo.hu\/blackvelvet\/wp-content\/uploads\/2026\/08\/Sido-Diana-eskuvoszervezo-300x200.jpg 300w, https:\/\/nemo.hu\/blackvelvet\/wp-content\/uploads\/2026\/08\/Sido-Diana-eskuvoszervezo-768x512.jpg 768w, https:\/\/nemo.hu\/blackvelvet\/wp-content\/uploads\/2026\/08\/Sido-Diana-eskuvoszervezo.jpg 1024w\" sizes=\"(max-width: 300px) 100vw, 300px\" \/><\/div>\n\t\t<\/a>\n\t\t\t\t<div class=\"elementor-post__text\">\n\t\t\t\t<h3 class=\"elementor-post__title\">\n\t\t\t<a href=\"https:\/\/nemo.hu\/blackvelvet\/eskudni-mernek-eskuvoszervezes\/\" >\n\t\t\t\tEsk\u00fcdni mern\u00e9k &#8211; esk\u00fcv\u0151szervez\u00e9s\t\t\t<\/a>\n\t\t<\/h3>\n\t\t\t\t<div class=\"elementor-post__excerpt\">\n\t\t\t<p>Megjelen\u00e9s\u00fcket tekintve a profizmus jellemzi \u0151ket, egy egys\u00e9get alkotnak formaruh\u00e1jukat \u00e9s technik\u00e1jukat illet\u0151en is. Sz\u00e9lesk\u00f6r\u0171 zenei reperto\u00e1rral rendelkeznek, \u00edgy az<\/p>\n\t\t<\/div>\n\t\t\n\t\t<a class=\"elementor-post__read-more\" href=\"https:\/\/nemo.hu\/blackvelvet\/eskudni-mernek-eskuvoszervezes\/\" aria-label=\"Read more about Esk\u00fcdni mern\u00e9k &#8211; esk\u00fcv\u0151szervez\u00e9s\" tabindex=\"-1\" >\n\t\t\tB\u0151vebben \u00bb\t\t<\/a>\n\n\t\t\t\t<\/div>\n\t\t\t\t<\/article>\n\t\t\t\t<article class=\"elementor-post elementor-grid-item post-596 post type-post status-publish format-standard has-post-thumbnail hentry category-rolunk-irtak\" role=\"listitem\">\n\t\t\t\t<a class=\"elementor-post__thumbnail__link\" href=\"https:\/\/nemo.hu\/blackvelvet\/kis-fodor-katalin-kis-zsolt\/\" tabindex=\"-1\" >\n\t\t\t<div class=\"elementor-post__thumbnail\"><img loading=\"lazy\" decoding=\"async\" width=\"300\" height=\"200\" src=\"https:\/\/nemo.hu\/blackvelvet\/wp-content\/uploads\/2026\/08\/Katalin-Zsolt-300x200.jpg\" class=\"attachment-medium size-medium wp-image-597\" alt=\"Kis-Fodor Katalin &amp; Kis Zsolt\" srcset=\"https:\/\/nemo.hu\/blackvelvet\/wp-content\/uploads\/2026\/08\/Katalin-Zsolt-300x200.jpg 300w, https:\/\/nemo.hu\/blackvelvet\/wp-content\/uploads\/2026\/08\/Katalin-Zsolt-1024x683.jpg 1024w, https:\/\/nemo.hu\/blackvelvet\/wp-content\/uploads\/2026\/08\/Katalin-Zsolt-768x512.jpg 768w, https:\/\/nemo.hu\/blackvelvet\/wp-content\/uploads\/2026\/08\/Katalin-Zsolt-1536x1024.jpg 1536w, https:\/\/nemo.hu\/blackvelvet\/wp-content\/uploads\/2026\/08\/Katalin-Zsolt.jpg 2048w\" sizes=\"(max-width: 300px) 100vw, 300px\" \/><\/div>\n\t\t<\/a>\n\t\t\t\t<div class=\"elementor-post__text\">\n\t\t\t\t<h3 class=\"elementor-post__title\">\n\t\t\t<a href=\"https:\/\/nemo.hu\/blackvelvet\/kis-fodor-katalin-kis-zsolt\/\" >\n\t\t\t\tKis-Fodor Katalin &amp; Kis Zsolt\t\t\t<\/a>\n\t\t<\/h3>\n\t\t\t\t<div class=\"elementor-post__excerpt\">\n\t\t\t<p>M\u00e9g nagyon friss az \u00e9lm\u00e9ny, mert k\u00e9t hete hallottam a Black Velvetet az esk\u00fcv\u0151nk\u00f6n.Annyira szuper, j\u00f3 hangulatot var\u00e1zsoltak, hogy reggelig<\/p>\n\t\t<\/div>\n\t\t\n\t\t<a class=\"elementor-post__read-more\" href=\"https:\/\/nemo.hu\/blackvelvet\/kis-fodor-katalin-kis-zsolt\/\" aria-label=\"Read more about Kis-Fodor Katalin &amp; Kis Zsolt\" tabindex=\"-1\" >\n\t\t\tB\u0151vebben \u00bb\t\t<\/a>\n\n\t\t\t\t<\/div>\n\t\t\t\t<\/article>\n\t\t\t\t<article class=\"elementor-post elementor-grid-item post-593 post type-post status-publish format-standard has-post-thumbnail hentry category-rolunk-irtak\" role=\"listitem\">\n\t\t\t\t<a class=\"elementor-post__thumbnail__link\" href=\"https:\/\/nemo.hu\/blackvelvet\/szilvi-es-attila\/\" tabindex=\"-1\" >\n\t\t\t<div class=\"elementor-post__thumbnail\"><img loading=\"lazy\" decoding=\"async\" width=\"300\" height=\"200\" src=\"https:\/\/nemo.hu\/blackvelvet\/wp-content\/uploads\/2026\/08\/eskuvo-2018-Szeged-Hotel-Forras-300x200.jpg\" class=\"attachment-medium size-medium wp-image-594\" alt=\"Esk\u00fcv\u0151, Szeged, Forr\u00e1s\" srcset=\"https:\/\/nemo.hu\/blackvelvet\/wp-content\/uploads\/2026\/08\/eskuvo-2018-Szeged-Hotel-Forras-300x200.jpg 300w, https:\/\/nemo.hu\/blackvelvet\/wp-content\/uploads\/2026\/08\/eskuvo-2018-Szeged-Hotel-Forras-1024x684.jpg 1024w, https:\/\/nemo.hu\/blackvelvet\/wp-content\/uploads\/2026\/08\/eskuvo-2018-Szeged-Hotel-Forras-768x513.jpg 768w, https:\/\/nemo.hu\/blackvelvet\/wp-content\/uploads\/2026\/08\/eskuvo-2018-Szeged-Hotel-Forras-1536x1025.jpg 1536w, https:\/\/nemo.hu\/blackvelvet\/wp-content\/uploads\/2026\/08\/eskuvo-2018-Szeged-Hotel-Forras.jpg 2048w\" sizes=\"(max-width: 300px) 100vw, 300px\" \/><\/div>\n\t\t<\/a>\n\t\t\t\t<div class=\"elementor-post__text\">\n\t\t\t\t<h3 class=\"elementor-post__title\">\n\t\t\t<a href=\"https:\/\/nemo.hu\/blackvelvet\/szilvi-es-attila\/\" >\n\t\t\t\tSzilvi \u00e9s Attila\t\t\t<\/a>\n\t\t<\/h3>\n\t\t\t\t<div class=\"elementor-post__excerpt\">\n\t\t\t<p>Olyan zenekart kerest\u00fcnk a modern esk\u00fcv\u0151nkre, akik f\u0151k\u00e9nt nem mulat\u00f3s zen\u00e9t j\u00e1tszanak, fiatalok, lend\u00fcletesek \u00e9s vid\u00e1mak, ismerik a mai sl\u00e1gereket<\/p>\n\t\t<\/div>\n\t\t\n\t\t<a class=\"elementor-post__read-more\" href=\"https:\/\/nemo.hu\/blackvelvet\/szilvi-es-attila\/\" aria-label=\"Read more about Szilvi \u00e9s Attila\" tabindex=\"-1\" >\n\t\t\tB\u0151vebben \u00bb\t\t<\/a>\n\n\t\t\t\t<\/div>\n\t\t\t\t<\/article>\n\t\t\t\t<article class=\"elementor-post elementor-grid-item post-590 post type-post status-publish format-standard has-post-thumbnail hentry category-rolunk-irtak\" role=\"listitem\">\n\t\t\t\t<a class=\"elementor-post__thumbnail__link\" href=\"https:\/\/nemo.hu\/blackvelvet\/beventwedding-eskuvo-es-rendezvenyszervezes\/\" tabindex=\"-1\" >\n\t\t\t<div class=\"elementor-post__thumbnail\"><img loading=\"lazy\" decoding=\"async\" width=\"200\" height=\"300\" src=\"https:\/\/nemo.hu\/blackvelvet\/wp-content\/uploads\/2026\/08\/Kisdery-Boglarka-200x300.jpg\" class=\"attachment-medium size-medium wp-image-591\" alt=\"Kisd\u00e9ry Bogl\u00e1rka\" srcset=\"https:\/\/nemo.hu\/blackvelvet\/wp-content\/uploads\/2026\/08\/Kisdery-Boglarka-200x300.jpg 200w, https:\/\/nemo.hu\/blackvelvet\/wp-content\/uploads\/2026\/08\/Kisdery-Boglarka-684x1024.jpg 684w, https:\/\/nemo.hu\/blackvelvet\/wp-content\/uploads\/2026\/08\/Kisdery-Boglarka-768x1150.jpg 768w, https:\/\/nemo.hu\/blackvelvet\/wp-content\/uploads\/2026\/08\/Kisdery-Boglarka-1025x1536.jpg 1025w, https:\/\/nemo.hu\/blackvelvet\/wp-content\/uploads\/2026\/08\/Kisdery-Boglarka-1367x2048.jpg 1367w, https:\/\/nemo.hu\/blackvelvet\/wp-content\/uploads\/2026\/08\/Kisdery-Boglarka.jpg 1707w\" sizes=\"(max-width: 200px) 100vw, 200px\" \/><\/div>\n\t\t<\/a>\n\t\t\t\t<div class=\"elementor-post__text\">\n\t\t\t\t<h3 class=\"elementor-post__title\">\n\t\t\t<a href=\"https:\/\/nemo.hu\/blackvelvet\/beventwedding-eskuvo-es-rendezvenyszervezes\/\" >\n\t\t\t\tB&#8217;Event&amp;Wedding Esk\u00fcv\u0151-\u00e9s Rendezv\u00e9nyszervez\u00e9s\t\t\t<\/a>\n\t\t<\/h3>\n\t\t\t\t<div class=\"elementor-post__excerpt\">\n\t\t\t<p>A Black Velvet zenekar megjelen\u00e9s\u00e9ben \u00e9s el\u0151ad\u00e1s\u00e1ban is egy profi csapat.Az esk\u00fcv\u0151n felveszik a ritmust a n\u00e1szn\u00e9ppel \u00e9s hatalmas bulit<\/p>\n\t\t<\/div>\n\t\t\n\t\t<a class=\"elementor-post__read-more\" href=\"https:\/\/nemo.hu\/blackvelvet\/beventwedding-eskuvo-es-rendezvenyszervezes\/\" aria-label=\"Read more about B&#8217;Event&amp;Wedding Esk\u00fcv\u0151-\u00e9s Rendezv\u00e9nyszervez\u00e9s\" tabindex=\"-1\" >\n\t\t\tB\u0151vebben \u00bb\t\t<\/a>\n\n\t\t\t\t<\/div>\n\t\t\t\t<\/article>\n\t\t\t\t<article class=\"elementor-post elementor-grid-item post-587 post type-post status-publish format-standard has-post-thumbnail hentry category-rolunk-irtak\" role=\"listitem\">\n\t\t\t\t<a class=\"elementor-post__thumbnail__link\" href=\"https:\/\/nemo.hu\/blackvelvet\/vasas-cs-timea\/\" tabindex=\"-1\" >\n\t\t\t<div class=\"elementor-post__thumbnail\"><img loading=\"lazy\" decoding=\"async\" width=\"234\" height=\"300\" src=\"https:\/\/nemo.hu\/blackvelvet\/wp-content\/uploads\/2026\/08\/Vasas-Cs.-Timea-234x300.jpg\" class=\"attachment-medium size-medium wp-image-588\" alt=\"Vasas Cs. T\u00edmea\" srcset=\"https:\/\/nemo.hu\/blackvelvet\/wp-content\/uploads\/2026\/08\/Vasas-Cs.-Timea-234x300.jpg 234w, https:\/\/nemo.hu\/blackvelvet\/wp-content\/uploads\/2026\/08\/Vasas-Cs.-Timea-768x985.jpg 768w, https:\/\/nemo.hu\/blackvelvet\/wp-content\/uploads\/2026\/08\/Vasas-Cs.-Timea.jpg 772w\" sizes=\"(max-width: 234px) 100vw, 234px\" \/><\/div>\n\t\t<\/a>\n\t\t\t\t<div class=\"elementor-post__text\">\n\t\t\t\t<h3 class=\"elementor-post__title\">\n\t\t\t<a href=\"https:\/\/nemo.hu\/blackvelvet\/vasas-cs-timea\/\" >\n\t\t\t\tVasas Cs. T\u00edmea\t\t\t<\/a>\n\t\t<\/h3>\n\t\t\t\t<div class=\"elementor-post__excerpt\">\n\t\t\t<p>Mit mondhatn\u00e9k a Black Velvetr\u0151l? Igazi \u0151r\u00fcltek, im\u00e1dnak zen\u00e9lni \u00e9s mindig fantasztikus hangulatot teremtenek. Nem volt m\u00e9g olyan k\u00f6z\u00f6s esk\u00fcv\u0151nk,<\/p>\n\t\t<\/div>\n\t\t\n\t\t<a class=\"elementor-post__read-more\" href=\"https:\/\/nemo.hu\/blackvelvet\/vasas-cs-timea\/\" aria-label=\"Read more about Vasas Cs. T\u00edmea\" tabindex=\"-1\" >\n\t\t\tB\u0151vebben \u00bb\t\t<\/a>\n\n\t\t\t\t<\/div>\n\t\t\t\t<\/article>\n\t\t\t\t<article class=\"elementor-post elementor-grid-item post-584 post type-post status-publish format-standard has-post-thumbnail hentry category-rolunk-irtak\" role=\"listitem\">\n\t\t\t\t<a class=\"elementor-post__thumbnail__link\" href=\"https:\/\/nemo.hu\/blackvelvet\/zenina-es-robi\/\" tabindex=\"-1\" >\n\t\t\t<div class=\"elementor-post__thumbnail\"><img loading=\"lazy\" decoding=\"async\" width=\"200\" height=\"300\" src=\"https:\/\/nemo.hu\/blackvelvet\/wp-content\/uploads\/2026\/08\/Zenina-Robi-200x300.jpg\" class=\"attachment-medium size-medium wp-image-585\" alt=\"Zenina \u00e9s Robi\" srcset=\"https:\/\/nemo.hu\/blackvelvet\/wp-content\/uploads\/2026\/08\/Zenina-Robi-200x300.jpg 200w, https:\/\/nemo.hu\/blackvelvet\/wp-content\/uploads\/2026\/08\/Zenina-Robi.jpg 640w\" sizes=\"(max-width: 200px) 100vw, 200px\" \/><\/div>\n\t\t<\/a>\n\t\t\t\t<div class=\"elementor-post__text\">\n\t\t\t\t<h3 class=\"elementor-post__title\">\n\t\t\t<a href=\"https:\/\/nemo.hu\/blackvelvet\/zenina-es-robi\/\" >\n\t\t\t\tZenina \u00e9s Robi\t\t\t<\/a>\n\t\t<\/h3>\n\t\t\t\t<div class=\"elementor-post__excerpt\">\n\t\t\t<p>Kedves Black Velvet Zenekar! Esk\u00fcv\u0151nk megszervez\u00e9sekor tal\u00e1n a legfontosabb feladat a j\u00f3 zenekar kiv\u00e1laszt\u00e1sa volt. Az internetet b\u00f6ng\u00e9szve tal\u00e1ltunk R\u00e1tok,<\/p>\n\t\t<\/div>\n\t\t\n\t\t<a class=\"elementor-post__read-more\" href=\"https:\/\/nemo.hu\/blackvelvet\/zenina-es-robi\/\" aria-label=\"Read more about Zenina \u00e9s Robi\" tabindex=\"-1\" >\n\t\t\tB\u0151vebben \u00bb\t\t<\/a>\n\n\t\t\t\t<\/div>\n\t\t\t\t<\/article>\n\t\t\t\t<article class=\"elementor-post elementor-grid-item post-577 post type-post status-publish format-standard has-post-thumbnail hentry category-rolunk-irtak\" role=\"listitem\">\n\t\t\t\t<a class=\"elementor-post__thumbnail__link\" href=\"https:\/\/nemo.hu\/blackvelvet\/david-azari-fruzsina-es-david-kornel\/\" tabindex=\"-1\" >\n\t\t\t<div class=\"elementor-post__thumbnail\"><img loading=\"lazy\" decoding=\"async\" width=\"200\" height=\"300\" src=\"https:\/\/nemo.hu\/blackvelvet\/wp-content\/uploads\/2026\/08\/Fruzsi-Kornel-200x300.jpg\" class=\"attachment-medium size-medium wp-image-578\" alt=\"Fruzsi - Korn\u00e9l\" srcset=\"https:\/\/nemo.hu\/blackvelvet\/wp-content\/uploads\/2026\/08\/Fruzsi-Kornel-200x300.jpg 200w, https:\/\/nemo.hu\/blackvelvet\/wp-content\/uploads\/2026\/08\/Fruzsi-Kornel-682x1024.jpg 682w, https:\/\/nemo.hu\/blackvelvet\/wp-content\/uploads\/2026\/08\/Fruzsi-Kornel-768x1152.jpg 768w, https:\/\/nemo.hu\/blackvelvet\/wp-content\/uploads\/2026\/08\/Fruzsi-Kornel.jpg 853w\" sizes=\"(max-width: 200px) 100vw, 200px\" \/><\/div>\n\t\t<\/a>\n\t\t\t\t<div class=\"elementor-post__text\">\n\t\t\t\t<h3 class=\"elementor-post__title\">\n\t\t\t<a href=\"https:\/\/nemo.hu\/blackvelvet\/david-azari-fruzsina-es-david-kornel\/\" >\n\t\t\t\tD\u00e1vid-Azari Fruzsina \u00e9s D\u00e1vid Korn\u00e9l\t\t\t<\/a>\n\t\t<\/h3>\n\t\t\t\t<div class=\"elementor-post__excerpt\">\n\t\t\t<p>K\u00e9t \u00e9vvel ezel\u0151tt hallottam a Black Velvet zenekart egy esk\u00fcv\u0151n zen\u00e9lni. Azonnal megfogadtam, hogy ha nekem megk\u00e9rik a kezem, az<\/p>\n\t\t<\/div>\n\t\t\n\t\t<a class=\"elementor-post__read-more\" href=\"https:\/\/nemo.hu\/blackvelvet\/david-azari-fruzsina-es-david-kornel\/\" aria-label=\"Read more about D\u00e1vid-Azari Fruzsina \u00e9s D\u00e1vid Korn\u00e9l\" tabindex=\"-1\" >\n\t\t\tB\u0151vebben \u00bb\t\t<\/a>\n\n\t\t\t\t<\/div>\n\t\t\t\t<\/article>\n\t\t\t\t<\/div>\n\t\t\n\t\t\t\t\t\t<\/div>\n\t\t\t\t<\/div>\n\t\t\n<\/div>\n\n<\/div>\n\t\t<\/div>\n\t\t","protected":false},"excerpt":{"rendered":"<p>R\u00d3LUNK MONDT\u00c1K Akik m\u00e1r vel\u00fcnk buliztak<\/p>\n","protected":false},"author":2,"featured_media":0,"parent":0,"menu_order":0,"comment_status":"closed","ping_status":"closed","template":"elementor_header_footer","meta":{"footnotes":""},"class_list":["post-672","page","type-page","status-publish","hentry"],"_links":{"self":[{"href":"https:\/\/nemo.hu\/blackvelvet\/wp-json\/wp\/v2\/pages\/672","targetHints":{"allow":["GET"]}}],"collection":[{"href":"https:\/\/nemo.hu\/blackvelvet\/wp-json\/wp\/v2\/pages"}],"about":[{"href":"https:\/\/nemo.hu\/blackvelvet\/wp-json\/wp\/v2\/types\/page"}],"author":[{"embeddable":true,"href":"https:\/\/nemo.hu\/blackvelvet\/wp-json\/wp\/v2\/users\/2"}],"replies":[{"embeddable":true,"href":"https:\/\/nemo.hu\/blackvelvet\/wp-json\/wp\/v2\/comments?post=672"}],"version-history":[{"count":7,"href":"https:\/\/nemo.hu\/blackvelvet\/wp-json\/wp\/v2\/pages\/672\/revisions"}],"predecessor-version":[{"id":688,"href":"https:\/\/nemo.hu\/blackvelvet\/wp-json\/wp\/v2\/pages\/672\/revisions\/688"}],"wp:attachment":[{"href":"https:\/\/nemo.hu\/blackvelvet\/wp-json\/wp\/v2\/media?parent=672"}],"curies":[{"name":"wp","href":"https:\/\/api.w.org\/{rel}","templated":true}]}}